{"id":1281,"date":"2025-10-24T12:20:09","date_gmt":"2025-10-24T10:20:09","guid":{"rendered":"https:\/\/www.altavalledelpotenza.it\/alta-valle-del-potenza-museum-network\/"},"modified":"2026-08-26T12:40:51","modified_gmt":"2026-08-26T10:40:51","slug":"alta-valle-del-potenza-museum-network","status":"publish","type":"page","link":"https:\/\/www.altavalledelpotenza.it\/en\/","title":{"rendered":"Alta Valle del Potenza Museum Network"},"content":{"rendered":"\t\t<div data-elementor-type=\"wp-page\" data-elementor-id=\"1281\" class=\"elementor elementor-1281 elementor-26\" data-elementor-post-type=\"page\">\n\t\t\t\t<div data-particle_enable=\"false\" data-particle-mobile-disabled=\"false\" class=\"elementor-element elementor-element-99311d0 e-con-full e-flex e-con e-parent\" data-id=\"99311d0\" data-element_type=\"container\" data-e-type=\"container\" data-settings=\"{&quot;background_background&quot;:&quot;slideshow&quot;,&quot;background_slideshow_gallery&quot;:[{&quot;id&quot;:1272,&quot;url&quot;:&quot;https:\\\/\\\/www.altavalledelpotenza.it\\\/wp-content\\\/uploads\\\/2025\\\/10\\\/T9I6068-HDR-scaled.jpg&quot;},{&quot;id&quot;:1273,&quot;url&quot;:&quot;https:\\\/\\\/www.altavalledelpotenza.it\\\/wp-content\\\/uploads\\\/2025\\\/11\\\/Ferretti-10.webp&quot;},{&quot;id&quot;:1274,&quot;url&quot;:&quot;https:\\\/\\\/www.altavalledelpotenza.it\\\/wp-content\\\/uploads\\\/2025\\\/10\\\/Muset-07.webp&quot;},{&quot;id&quot;:1275,&quot;url&quot;:&quot;https:\\\/\\\/www.altavalledelpotenza.it\\\/wp-content\\\/uploads\\\/2025\\\/11\\\/Pioraco-02.webp&quot;},{&quot;id&quot;:1276,&quot;url&quot;:&quot;https:\\\/\\\/www.altavalledelpotenza.it\\\/wp-content\\\/uploads\\\/2025\\\/10\\\/Habitus-03.webp&quot;}],&quot;background_slideshow_slide_duration&quot;:2000,&quot;background_slideshow_loop&quot;:&quot;yes&quot;,&quot;background_slideshow_slide_transition&quot;:&quot;fade&quot;,&quot;background_slideshow_transition_duration&quot;:500}\">\n\t\t\t\t<\/div>\n\t\t<div data-particle_enable=\"false\" data-particle-mobile-disabled=\"false\" class=\"elementor-element elementor-element-e7cfe00 e-flex e-con-boxed e-con e-parent\" data-id=\"e7cfe00\" data-element_type=\"container\" data-e-type=\"container\">\n\t\t\t\t\t<div class=\"e-con-inner\">\n\t\t\t\t<div class=\"elementor-element elementor-element-288128e elementor-widget elementor-widget-spacer\" data-id=\"288128e\" data-element_type=\"widget\" data-e-type=\"widget\" data-widget_type=\"spacer.default\">\n\t\t\t\t\t\t\t<div class=\"elementor-spacer\">\n\t\t\t<div class=\"elementor-spacer-inner\"><\/div>\n\t\t<\/div>\n\t\t\t\t\t\t<\/div>\n\t\t\t\t<div class=\"elementor-element elementor-element-a4c769c elementor-widget elementor-widget-heading\" data-id=\"a4c769c\" data-element_type=\"widget\" data-e-type=\"widget\" data-widget_type=\"heading.default\">\n\t\t\t\t\t<h2 class=\"elementor-heading-title elementor-size-default\">Alta Valle del Potenza Museum Network<\/h2>\t\t\t\t<\/div>\n\t\t\t\t<div class=\"elementor-element elementor-element-15b0b0a elementor-widget elementor-widget-text-editor\" data-id=\"15b0b0a\" data-element_type=\"widget\" data-e-type=\"widget\" data-widget_type=\"text-editor.default\">\n\t\t\t\t\t\t\t\t\t<p>Discover a valley where culture brings the villages together, nature tells the story, and museums become places of gathering and wonder. <br>The Alta Valle del Potenza Museum Network invites you to embark on a journey of beauty, memory, and participation.<\/p>\t\t\t\t\t\t\t\t<\/div>\n\t\t\t\t<div class=\"elementor-element elementor-element-f47c3f4 elementor-widget elementor-widget-spacer\" data-id=\"f47c3f4\" data-element_type=\"widget\" data-e-type=\"widget\" data-widget_type=\"spacer.default\">\n\t\t\t\t\t\t\t<div class=\"elementor-spacer\">\n\t\t\t<div class=\"elementor-spacer-inner\"><\/div>\n\t\t<\/div>\n\t\t\t\t\t\t<\/div>\n\t\t\t\t\t<\/div>\n\t\t\t\t<\/div>\n\t\t<div data-particle_enable=\"false\" data-particle-mobile-disabled=\"false\" class=\"elementor-element elementor-element-6f6a3b9 e-con-full e-flex e-con e-parent\" data-id=\"6f6a3b9\" data-element_type=\"container\" data-e-type=\"container\" data-settings=\"{&quot;background_background&quot;:&quot;classic&quot;}\">\n\t\t<div data-particle_enable=\"false\" data-particle-mobile-disabled=\"false\" class=\"elementor-element elementor-element-9cfdf4a e-con-full e-flex e-con e-child\" data-id=\"9cfdf4a\" data-element_type=\"container\" data-e-type=\"container\" data-settings=\"{&quot;background_background&quot;:&quot;classic&quot;}\">\n\t\t\t\t<div class=\"elementor-element elementor-element-9309050 elementor-widget elementor-widget-heading\" data-id=\"9309050\" data-element_type=\"widget\" data-e-type=\"widget\" data-widget_type=\"heading.default\">\n\t\t\t\t\t<h2 class=\"elementor-heading-title elementor-size-default\">Cultural Sites<\/h2>\t\t\t\t<\/div>\n\t\t\t\t<div class=\"elementor-element elementor-element-3cdf657 elementor-pagination-type-bullets elementor-pagination-position-outside elementor-widget elementor-widget-loop-carousel\" data-id=\"3cdf657\" data-element_type=\"widget\" data-e-type=\"widget\" data-settings=\"{&quot;template_id&quot;:58,&quot;slides_to_show&quot;:&quot;1&quot;,&quot;_skin&quot;:&quot;post&quot;,&quot;slides_to_show_tablet&quot;:&quot;2&quot;,&quot;slides_to_show_mobile&quot;:&quot;1&quot;,&quot;slides_to_scroll&quot;:&quot;1&quot;,&quot;edit_handle_selector&quot;:&quot;.elementor-loop-container&quot;,&quot;autoplay&quot;:&quot;yes&quot;,&quot;autoplay_speed&quot;:5000,&quot;pause_on_hover&quot;:&quot;yes&quot;,&quot;pause_on_interaction&quot;:&quot;yes&quot;,&quot;infinite&quot;:&quot;yes&quot;,&quot;speed&quot;:500,&quot;offset_sides&quot;:&quot;none&quot;,&quot;pagination&quot;:&quot;bullets&quot;,&quot;image_spacing_custom&quot;:{&quot;unit&quot;:&quot;px&quot;,&quot;size&quot;:10,&quot;sizes&quot;:[]},&quot;image_spacing_custom_tablet&quot;:{&quot;unit&quot;:&quot;px&quot;,&quot;size&quot;:&quot;&quot;,&quot;sizes&quot;:[]},&quot;image_spacing_custom_mobile&quot;:{&quot;unit&quot;:&quot;px&quot;,&quot;size&quot;:&quot;&quot;,&quot;sizes&quot;:[]}}\" data-widget_type=\"loop-carousel.post\">\n\t\t\t\t\t\t\t<div class=\"swiper elementor-loop-container elementor-grid\" role=\"list\" dir=\"ltr\">\n\t\t\t\t<div class=\"swiper-wrapper\" aria-live=\"off\">\n\t\t<style id=\"loop-dynamic-58\">.e-loop-item-92 .elementor-element.elementor-element-6c880d6:not(.elementor-motion-effects-element-type-background), .e-loop-item-92 .elementor-element.elementor-element-6c880d6 > .elementor-motion-effects-container > .elementor-motion-effects-layer{background-image:url(\"https:\/\/www.altavalledelpotenza.it\/wp-content\/uploads\/2025\/10\/T9I6068-HDR-scaled.jpg\");}<\/style><style id=\"loop-58\">.elementor-widget-container .eael-protected-content-message{font-family:var( --e-global-typography-secondary-font-family ), Sans-serif;font-weight:var( --e-global-typography-secondary-font-weight );}.elementor-widget-container .protected-content-error-msg{font-family:var( --e-global-typography-secondary-font-family ), Sans-serif;font-weight:var( --e-global-typography-secondary-font-weight );}.elementor-58 .elementor-element.elementor-element-9edae27{--display:flex;--flex-direction:row;--container-widget-width:initial;--container-widget-height:100%;--container-widget-flex-grow:1;--container-widget-align-self:stretch;--flex-wrap-mobile:wrap;--gap:0px 0px;--row-gap:0px;--column-gap:0px;--padding-top:50px;--padding-bottom:50px;--padding-left:50px;--padding-right:50px;}.elementor-58 .elementor-element.elementor-element-6c880d6{--display:flex;--min-height:250px;--flex-direction:column;--container-widget-width:100%;--container-widget-height:initial;--container-widget-flex-grow:0;--container-widget-align-self:initial;--flex-wrap-mobile:wrap;}.elementor-58 .elementor-element.elementor-element-6c880d6:not(.elementor-motion-effects-element-type-background), .elementor-58 .elementor-element.elementor-element-6c880d6 > .elementor-motion-effects-container > .elementor-motion-effects-layer{background-position:center center;background-repeat:no-repeat;background-size:cover;}.elementor-58 .elementor-element.elementor-element-10f1b91{--display:flex;--flex-direction:column;--container-widget-width:100%;--container-widget-height:initial;--container-widget-flex-grow:0;--container-widget-align-self:initial;--flex-wrap-mobile:wrap;--padding-top:30px;--padding-bottom:30px;--padding-left:30px;--padding-right:30px;}.elementor-58 .elementor-element.elementor-element-10f1b91:not(.elementor-motion-effects-element-type-background), .elementor-58 .elementor-element.elementor-element-10f1b91 > .elementor-motion-effects-container > .elementor-motion-effects-layer{background-color:var( --e-global-color-4cb449a );}.elementor-widget-heading .elementor-heading-title{font-family:var( --e-global-typography-primary-font-family ), Sans-serif;font-weight:var( --e-global-typography-primary-font-weight );color:var( --e-global-color-primary );}.elementor-widget-heading .eael-protected-content-message{font-family:var( --e-global-typography-secondary-font-family ), Sans-serif;font-weight:var( --e-global-typography-secondary-font-weight );}.elementor-widget-heading .protected-content-error-msg{font-family:var( --e-global-typography-secondary-font-family ), Sans-serif;font-weight:var( --e-global-typography-secondary-font-weight );}.elementor-widget-theme-post-excerpt{font-family:var( --e-global-typography-text-font-family ), Sans-serif;font-weight:var( --e-global-typography-text-font-weight );color:var( --e-global-color-text );}.elementor-widget-theme-post-excerpt .eael-protected-content-message{font-family:var( --e-global-typography-secondary-font-family ), Sans-serif;font-weight:var( --e-global-typography-secondary-font-weight );}.elementor-widget-theme-post-excerpt .protected-content-error-msg{font-family:var( --e-global-typography-secondary-font-family ), Sans-serif;font-weight:var( --e-global-typography-secondary-font-weight );}.elementor-widget-button .elementor-button{font-family:var( --e-global-typography-accent-font-family ), Sans-serif;font-weight:var( --e-global-typography-accent-font-weight );background-color:var( --e-global-color-accent );}.elementor-widget-button .eael-protected-content-message{font-family:var( --e-global-typography-secondary-font-family ), Sans-serif;font-weight:var( --e-global-typography-secondary-font-weight );}.elementor-widget-button .protected-content-error-msg{font-family:var( --e-global-typography-secondary-font-family ), Sans-serif;font-weight:var( --e-global-typography-secondary-font-weight );}.elementor-58 .elementor-element.elementor-element-a208f92 .elementor-button{fill:var( --e-global-color-primary );color:var( --e-global-color-primary );background-color:var( --e-global-color-4cb449a );border-style:solid;border-width:2px 2px 2px 2px;border-color:var( --e-global-color-primary );border-radius:0px 0px 0px 0px;padding:16px 16px 16px 16px;}.elementor-58 .elementor-element.elementor-element-a208f92 .elementor-button:hover, .elementor-58 .elementor-element.elementor-element-a208f92 .elementor-button:focus{color:var( --e-global-color-e08c62d );border-color:var( --e-global-color-e08c62d );}.elementor-58 .elementor-element.elementor-element-a208f92 .elementor-button:hover svg, .elementor-58 .elementor-element.elementor-element-a208f92 .elementor-button:focus svg{fill:var( --e-global-color-e08c62d );}@media(min-width:768px){.elementor-58 .elementor-element.elementor-element-6c880d6{--width:33.3333%;}.elementor-58 .elementor-element.elementor-element-10f1b91{--width:66.6666%;}}<\/style>\t\t<div data-elementor-type=\"loop-item\" data-elementor-id=\"58\" class=\"elementor elementor-58 swiper-slide e-loop-item e-loop-item-92 post-92 luoghi type-luoghi status-publish has-post-thumbnail hentry\" data-elementor-post-type=\"elementor_library\" role=\"group\" aria-roledescription=\"slide\" data-custom-edit-handle=\"1\">\n\t\t\t<div data-particle_enable=\"false\" data-particle-mobile-disabled=\"false\" class=\"elementor-element elementor-element-9edae27 e-flex e-con-boxed e-con e-parent\" data-id=\"9edae27\" data-element_type=\"container\" data-e-type=\"container\">\n\t\t\t\t\t<div class=\"e-con-inner\">\n\t\t<div data-particle_enable=\"false\" data-particle-mobile-disabled=\"false\" class=\"elementor-element elementor-element-6c880d6 e-con-full e-flex e-con e-child\" data-id=\"6c880d6\" data-element_type=\"container\" data-e-type=\"container\" data-settings=\"{&quot;background_background&quot;:&quot;classic&quot;}\">\n\t\t\t\t<\/div>\n\t\t<div data-particle_enable=\"false\" data-particle-mobile-disabled=\"false\" class=\"elementor-element elementor-element-10f1b91 e-con-full e-flex e-con e-child\" data-id=\"10f1b91\" data-element_type=\"container\" data-e-type=\"container\" data-settings=\"{&quot;background_background&quot;:&quot;classic&quot;}\">\n\t\t\t\t<div class=\"elementor-element elementor-element-38f919f elementor-widget elementor-widget-heading\" data-id=\"38f919f\" data-element_type=\"widget\" data-e-type=\"widget\" data-widget_type=\"heading.default\">\n\t\t\t\t\t<h4 class=\"elementor-heading-title elementor-size-default\">Museo Archeologico Giuseppe Moretti<\/h4>\t\t\t\t<\/div>\n\t\t\t\t<div class=\"elementor-element elementor-element-52b6767 elementor-widget elementor-widget-theme-post-excerpt\" data-id=\"52b6767\" data-element_type=\"widget\" data-e-type=\"widget\" data-widget_type=\"theme-post-excerpt.default\">\n\t\t\t\t\tOspitato nell\u2019antico Episcopio di Castello al Monte, il Museo \u201cG. Moretti\u201d racconta la storia di San Severino dalle origini alla tarda et\u00e0 romana. \u00c8 visitabile la sezione romana, recentemente riallestita e accessibile a tutti, mentre la sezione picena \u00e8 in corso di restauro e riaprir\u00e0 nel 2026.\t\t\t\t<\/div>\n\t\t\t\t<div class=\"elementor-element elementor-element-a208f92 elementor-widget elementor-widget-button\" data-id=\"a208f92\" data-element_type=\"widget\" data-e-type=\"widget\" data-widget_type=\"button.default\">\n\t\t\t\t\t\t\t\t\t\t<a class=\"elementor-button elementor-button-link elementor-size-sm\" href=\"https:\/\/www.altavalledelpotenza.it\/en\/luoghi\/museo-archeologico-giuseppe-moretti\/\">\n\t\t\t\t\t\t<span class=\"elementor-button-content-wrapper\">\n\t\t\t\t\t\t\t\t\t<span class=\"elementor-button-text\">GUARDA IL MUSEO<\/span>\n\t\t\t\t\t<\/span>\n\t\t\t\t\t<\/a>\n\t\t\t\t\t\t\t\t<\/div>\n\t\t\t\t<\/div>\n\t\t\t\t\t<\/div>\n\t\t\t\t<\/div>\n\t\t\t\t<\/div>\n\t\t<style id=\"loop-dynamic-58\">.e-loop-item-303 .elementor-element.elementor-element-6c880d6:not(.elementor-motion-effects-element-type-background), .e-loop-item-303 .elementor-element.elementor-element-6c880d6 > .elementor-motion-effects-container > .elementor-motion-effects-layer{background-image:url(\"https:\/\/www.altavalledelpotenza.it\/wp-content\/uploads\/2025\/10\/Ferretti-top2.webp\");}<\/style>\t\t<div data-elementor-type=\"loop-item\" data-elementor-id=\"58\" class=\"elementor elementor-58 swiper-slide e-loop-item e-loop-item-303 post-303 luoghi type-luoghi status-publish has-post-thumbnail hentry\" data-elementor-post-type=\"elementor_library\" role=\"group\" aria-roledescription=\"slide\" data-custom-edit-handle=\"1\">\n\t\t\t<div data-particle_enable=\"false\" data-particle-mobile-disabled=\"false\" class=\"elementor-element elementor-element-9edae27 e-flex e-con-boxed e-con e-parent\" data-id=\"9edae27\" data-element_type=\"container\" data-e-type=\"container\">\n\t\t\t\t\t<div class=\"e-con-inner\">\n\t\t<div data-particle_enable=\"false\" data-particle-mobile-disabled=\"false\" class=\"elementor-element elementor-element-6c880d6 e-con-full e-flex e-con e-child\" data-id=\"6c880d6\" data-element_type=\"container\" data-e-type=\"container\" data-settings=\"{&quot;background_background&quot;:&quot;classic&quot;}\">\n\t\t\t\t<\/div>\n\t\t<div data-particle_enable=\"false\" data-particle-mobile-disabled=\"false\" class=\"elementor-element elementor-element-10f1b91 e-con-full e-flex e-con e-child\" data-id=\"10f1b91\" data-element_type=\"container\" data-e-type=\"container\" data-settings=\"{&quot;background_background&quot;:&quot;classic&quot;}\">\n\t\t\t\t<div class=\"elementor-element elementor-element-38f919f elementor-widget elementor-widget-heading\" data-id=\"38f919f\" data-element_type=\"widget\" data-e-type=\"widget\" data-widget_type=\"heading.default\">\n\t\t\t\t\t<h4 class=\"elementor-heading-title elementor-size-default\">Museo della Civit\u00e0 Contadina Florindo Ferretti<\/h4>\t\t\t\t<\/div>\n\t\t\t\t<div class=\"elementor-element elementor-element-52b6767 elementor-widget elementor-widget-theme-post-excerpt\" data-id=\"52b6767\" data-element_type=\"widget\" data-e-type=\"widget\" data-widget_type=\"theme-post-excerpt.default\">\n\t\t\t\t\tNel borgo di Sefro, il Museo \u201cFlorindo Ferretti\u201d custodisce gli strumenti della civilt\u00e0 contadina: aratri, ceste e attrezzi che raccontano un mondo di gesti e stagioni. Un piccolo museo dell\u2019anima, dedicato alla memoria e alla semplicit\u00e0 del vivere.\t\t\t\t<\/div>\n\t\t\t\t<div class=\"elementor-element elementor-element-a208f92 elementor-widget elementor-widget-button\" data-id=\"a208f92\" data-element_type=\"widget\" data-e-type=\"widget\" data-widget_type=\"button.default\">\n\t\t\t\t\t\t\t\t\t\t<a class=\"elementor-button elementor-button-link elementor-size-sm\" href=\"https:\/\/www.altavalledelpotenza.it\/en\/luoghi\/museo-della-civita-contadina-florindo-ferretti\/\">\n\t\t\t\t\t\t<span class=\"elementor-button-content-wrapper\">\n\t\t\t\t\t\t\t\t\t<span class=\"elementor-button-text\">GUARDA IL MUSEO<\/span>\n\t\t\t\t\t<\/span>\n\t\t\t\t\t<\/a>\n\t\t\t\t\t\t\t\t<\/div>\n\t\t\t\t<\/div>\n\t\t\t\t\t<\/div>\n\t\t\t\t<\/div>\n\t\t\t\t<\/div>\n\t\t<style id=\"loop-dynamic-58\">.e-loop-item-312 .elementor-element.elementor-element-6c880d6:not(.elementor-motion-effects-element-type-background), .e-loop-item-312 .elementor-element.elementor-element-6c880d6 > .elementor-motion-effects-container > .elementor-motion-effects-layer{background-image:url(\"https:\/\/www.altavalledelpotenza.it\/wp-content\/uploads\/2025\/10\/T9I6957-scaled.jpg\");}<\/style>\t\t<div data-elementor-type=\"loop-item\" data-elementor-id=\"58\" class=\"elementor elementor-58 swiper-slide e-loop-item e-loop-item-312 post-312 luoghi type-luoghi status-publish has-post-thumbnail hentry\" data-elementor-post-type=\"elementor_library\" role=\"group\" aria-roledescription=\"slide\" data-custom-edit-handle=\"1\">\n\t\t\t<div data-particle_enable=\"false\" data-particle-mobile-disabled=\"false\" class=\"elementor-element elementor-element-9edae27 e-flex e-con-boxed e-con e-parent\" data-id=\"9edae27\" data-element_type=\"container\" data-e-type=\"container\">\n\t\t\t\t\t<div class=\"e-con-inner\">\n\t\t<div data-particle_enable=\"false\" data-particle-mobile-disabled=\"false\" class=\"elementor-element elementor-element-6c880d6 e-con-full e-flex e-con e-child\" data-id=\"6c880d6\" data-element_type=\"container\" data-e-type=\"container\" data-settings=\"{&quot;background_background&quot;:&quot;classic&quot;}\">\n\t\t\t\t<\/div>\n\t\t<div data-particle_enable=\"false\" data-particle-mobile-disabled=\"false\" class=\"elementor-element elementor-element-10f1b91 e-con-full e-flex e-con e-child\" data-id=\"10f1b91\" data-element_type=\"container\" data-e-type=\"container\" data-settings=\"{&quot;background_background&quot;:&quot;classic&quot;}\">\n\t\t\t\t<div class=\"elementor-element elementor-element-38f919f elementor-widget elementor-widget-heading\" data-id=\"38f919f\" data-element_type=\"widget\" data-e-type=\"widget\" data-widget_type=\"heading.default\">\n\t\t\t\t\t<h4 class=\"elementor-heading-title elementor-size-default\">Habitus Museo Nazionale del costume folkloristico<\/h4>\t\t\t\t<\/div>\n\t\t\t\t<div class=\"elementor-element elementor-element-52b6767 elementor-widget elementor-widget-theme-post-excerpt\" data-id=\"52b6767\" data-element_type=\"widget\" data-e-type=\"widget\" data-widget_type=\"theme-post-excerpt.default\">\n\t\t\t\t\tHabitus \u00e8 il Museo Nazionale del Costume Folcloristico: un luogo vivo dove abiti, suoni e colori raccontano la memoria collettiva. Tra tradizione e contemporaneit\u00e0, celebra la cultura popolare come linguaggio universale di identit\u00e0 e partecipazione.\t\t\t\t<\/div>\n\t\t\t\t<div class=\"elementor-element elementor-element-a208f92 elementor-widget elementor-widget-button\" data-id=\"a208f92\" data-element_type=\"widget\" data-e-type=\"widget\" data-widget_type=\"button.default\">\n\t\t\t\t\t\t\t\t\t\t<a class=\"elementor-button elementor-button-link elementor-size-sm\" href=\"https:\/\/www.altavalledelpotenza.it\/en\/luoghi\/habitus-museo-nazionale-del-costume-folkloristico\/\">\n\t\t\t\t\t\t<span class=\"elementor-button-content-wrapper\">\n\t\t\t\t\t\t\t\t\t<span class=\"elementor-button-text\">GUARDA IL MUSEO<\/span>\n\t\t\t\t\t<\/span>\n\t\t\t\t\t<\/a>\n\t\t\t\t\t\t\t\t<\/div>\n\t\t\t\t<\/div>\n\t\t\t\t\t<\/div>\n\t\t\t\t<\/div>\n\t\t\t\t<\/div>\n\t\t<style id=\"loop-dynamic-58\">.e-loop-item-305 .elementor-element.elementor-element-6c880d6:not(.elementor-motion-effects-element-type-background), .e-loop-item-305 .elementor-element.elementor-element-6c880d6 > .elementor-motion-effects-container > .elementor-motion-effects-layer{background-image:url(\"https:\/\/www.altavalledelpotenza.it\/wp-content\/uploads\/2025\/11\/Pioraco-01.webp\");}<\/style>\t\t<div data-elementor-type=\"loop-item\" data-elementor-id=\"58\" class=\"elementor elementor-58 swiper-slide e-loop-item e-loop-item-305 post-305 luoghi type-luoghi status-publish has-post-thumbnail hentry\" data-elementor-post-type=\"elementor_library\" role=\"group\" aria-roledescription=\"slide\" data-custom-edit-handle=\"1\">\n\t\t\t<div data-particle_enable=\"false\" data-particle-mobile-disabled=\"false\" class=\"elementor-element elementor-element-9edae27 e-flex e-con-boxed e-con e-parent\" data-id=\"9edae27\" data-element_type=\"container\" data-e-type=\"container\">\n\t\t\t\t\t<div class=\"e-con-inner\">\n\t\t<div data-particle_enable=\"false\" data-particle-mobile-disabled=\"false\" class=\"elementor-element elementor-element-6c880d6 e-con-full e-flex e-con e-child\" data-id=\"6c880d6\" data-element_type=\"container\" data-e-type=\"container\" data-settings=\"{&quot;background_background&quot;:&quot;classic&quot;}\">\n\t\t\t\t<\/div>\n\t\t<div data-particle_enable=\"false\" data-particle-mobile-disabled=\"false\" class=\"elementor-element elementor-element-10f1b91 e-con-full e-flex e-con e-child\" data-id=\"10f1b91\" data-element_type=\"container\" data-e-type=\"container\" data-settings=\"{&quot;background_background&quot;:&quot;classic&quot;}\">\n\t\t\t\t<div class=\"elementor-element elementor-element-38f919f elementor-widget elementor-widget-heading\" data-id=\"38f919f\" data-element_type=\"widget\" data-e-type=\"widget\" data-widget_type=\"heading.default\">\n\t\t\t\t\t<h4 class=\"elementor-heading-title elementor-size-default\">Polo Museale di Pioraco<\/h4>\t\t\t\t<\/div>\n\t\t\t\t<div class=\"elementor-element elementor-element-52b6767 elementor-widget elementor-widget-theme-post-excerpt\" data-id=\"52b6767\" data-element_type=\"widget\" data-e-type=\"widget\" data-widget_type=\"theme-post-excerpt.default\">\n\t\t\t\t\tI Musei Civici di Pioraco uniscono scienza, arte e tradizione. Tra fossili, reperti e la storica lavorazione della carta a mano, offrono un viaggio nel tempo che intreccia natura e saper fare artigiano, cuore identitario del borgo.\t\t\t\t<\/div>\n\t\t\t\t<div class=\"elementor-element elementor-element-a208f92 elementor-widget elementor-widget-button\" data-id=\"a208f92\" data-element_type=\"widget\" data-e-type=\"widget\" data-widget_type=\"button.default\">\n\t\t\t\t\t\t\t\t\t\t<a class=\"elementor-button elementor-button-link elementor-size-sm\" href=\"https:\/\/www.altavalledelpotenza.it\/en\/luoghi\/polo-museale-di-pioraco\/\">\n\t\t\t\t\t\t<span class=\"elementor-button-content-wrapper\">\n\t\t\t\t\t\t\t\t\t<span class=\"elementor-button-text\">GUARDA IL MUSEO<\/span>\n\t\t\t\t\t<\/span>\n\t\t\t\t\t<\/a>\n\t\t\t\t\t\t\t\t<\/div>\n\t\t\t\t<\/div>\n\t\t\t\t\t<\/div>\n\t\t\t\t<\/div>\n\t\t\t\t<\/div>\n\t\t<style id=\"loop-dynamic-58\">.e-loop-item-307 .elementor-element.elementor-element-6c880d6:not(.elementor-motion-effects-element-type-background), .e-loop-item-307 .elementor-element.elementor-element-6c880d6 > .elementor-motion-effects-container > .elementor-motion-effects-layer{background-image:url(\"https:\/\/www.altavalledelpotenza.it\/wp-content\/uploads\/2025\/10\/Muset-01.webp\");}<\/style>\t\t<div data-elementor-type=\"loop-item\" data-elementor-id=\"58\" class=\"elementor elementor-58 swiper-slide e-loop-item e-loop-item-307 post-307 luoghi type-luoghi status-publish has-post-thumbnail hentry\" data-elementor-post-type=\"elementor_library\" role=\"group\" aria-roledescription=\"slide\" data-custom-edit-handle=\"1\">\n\t\t\t<div data-particle_enable=\"false\" data-particle-mobile-disabled=\"false\" class=\"elementor-element elementor-element-9edae27 e-flex e-con-boxed e-con e-parent\" data-id=\"9edae27\" data-element_type=\"container\" data-e-type=\"container\">\n\t\t\t\t\t<div class=\"e-con-inner\">\n\t\t<div data-particle_enable=\"false\" data-particle-mobile-disabled=\"false\" class=\"elementor-element elementor-element-6c880d6 e-con-full e-flex e-con e-child\" data-id=\"6c880d6\" data-element_type=\"container\" data-e-type=\"container\" data-settings=\"{&quot;background_background&quot;:&quot;classic&quot;}\">\n\t\t\t\t<\/div>\n\t\t<div data-particle_enable=\"false\" data-particle-mobile-disabled=\"false\" class=\"elementor-element elementor-element-10f1b91 e-con-full e-flex e-con e-child\" data-id=\"10f1b91\" data-element_type=\"container\" data-e-type=\"container\" data-settings=\"{&quot;background_background&quot;:&quot;classic&quot;}\">\n\t\t\t\t<div class=\"elementor-element elementor-element-38f919f elementor-widget elementor-widget-heading\" data-id=\"38f919f\" data-element_type=\"widget\" data-e-type=\"widget\" data-widget_type=\"heading.default\">\n\t\t\t\t\t<h4 class=\"elementor-heading-title elementor-size-default\">Muset &#8211; Museo dell&#8217;Elettricit\u00e0 e del Territorio<\/h4>\t\t\t\t<\/div>\n\t\t\t\t<div class=\"elementor-element elementor-element-52b6767 elementor-widget elementor-widget-theme-post-excerpt\" data-id=\"52b6767\" data-element_type=\"widget\" data-e-type=\"widget\" data-widget_type=\"theme-post-excerpt.default\">\n\t\t\t\t\tIl MusET racconta la storia del lavoro e dell\u2019energia a San Severino Marche, unendo archeologia industriale e vita quotidiana. Tra ex centrali idroelettriche e strumenti d\u2019epoca, il museo guida il visitatore in un viaggio tra natura, innovazione e memoria collettiva.\t\t\t\t<\/div>\n\t\t\t\t<div class=\"elementor-element elementor-element-a208f92 elementor-widget elementor-widget-button\" data-id=\"a208f92\" data-element_type=\"widget\" data-e-type=\"widget\" data-widget_type=\"button.default\">\n\t\t\t\t\t\t\t\t\t\t<a class=\"elementor-button elementor-button-link elementor-size-sm\" href=\"https:\/\/www.altavalledelpotenza.it\/en\/luoghi\/muset-museo-dellelettricita-e-del-territorio\/\">\n\t\t\t\t\t\t<span class=\"elementor-button-content-wrapper\">\n\t\t\t\t\t\t\t\t\t<span class=\"elementor-button-text\">GUARDA IL MUSEO<\/span>\n\t\t\t\t\t<\/span>\n\t\t\t\t\t<\/a>\n\t\t\t\t\t\t\t\t<\/div>\n\t\t\t\t<\/div>\n\t\t\t\t\t<\/div>\n\t\t\t\t<\/div>\n\t\t\t\t<\/div>\n\t\t<style id=\"loop-dynamic-58\">.e-loop-item-309 .elementor-element.elementor-element-6c880d6:not(.elementor-motion-effects-element-type-background), .e-loop-item-309 .elementor-element.elementor-element-6c880d6 > .elementor-motion-effects-container > .elementor-motion-effects-layer{background-image:url(\"https:\/\/www.altavalledelpotenza.it\/wp-content\/uploads\/2025\/10\/Pinacoteca-Tacchi-Venturi-Banner-1-scaled.webp\");}<\/style>\t\t<div data-elementor-type=\"loop-item\" data-elementor-id=\"58\" class=\"elementor elementor-58 swiper-slide e-loop-item e-loop-item-309 post-309 luoghi type-luoghi status-publish has-post-thumbnail hentry\" data-elementor-post-type=\"elementor_library\" role=\"group\" aria-roledescription=\"slide\" data-custom-edit-handle=\"1\">\n\t\t\t<div data-particle_enable=\"false\" data-particle-mobile-disabled=\"false\" class=\"elementor-element elementor-element-9edae27 e-flex e-con-boxed e-con e-parent\" data-id=\"9edae27\" data-element_type=\"container\" data-e-type=\"container\">\n\t\t\t\t\t<div class=\"e-con-inner\">\n\t\t<div data-particle_enable=\"false\" data-particle-mobile-disabled=\"false\" class=\"elementor-element elementor-element-6c880d6 e-con-full e-flex e-con e-child\" data-id=\"6c880d6\" data-element_type=\"container\" data-e-type=\"container\" data-settings=\"{&quot;background_background&quot;:&quot;classic&quot;}\">\n\t\t\t\t<\/div>\n\t\t<div data-particle_enable=\"false\" data-particle-mobile-disabled=\"false\" class=\"elementor-element elementor-element-10f1b91 e-con-full e-flex e-con e-child\" data-id=\"10f1b91\" data-element_type=\"container\" data-e-type=\"container\" data-settings=\"{&quot;background_background&quot;:&quot;classic&quot;}\">\n\t\t\t\t<div class=\"elementor-element elementor-element-38f919f elementor-widget elementor-widget-heading\" data-id=\"38f919f\" data-element_type=\"widget\" data-e-type=\"widget\" data-widget_type=\"heading.default\">\n\t\t\t\t\t<h4 class=\"elementor-heading-title elementor-size-default\">Pinacoteca Civica P. Tacchi-Venturi<\/h4>\t\t\t\t<\/div>\n\t\t\t\t<div class=\"elementor-element elementor-element-52b6767 elementor-widget elementor-widget-theme-post-excerpt\" data-id=\"52b6767\" data-element_type=\"widget\" data-e-type=\"widget\" data-widget_type=\"theme-post-excerpt.default\">\n\t\t\t\t\tLa Pinacoteca \u201cP. Tacchi Venturi\u201d, attualmente chiusa per restauro dopo il sisma del 2016, custodisce capolavori del Trecento e Quattrocento marchigiano, da Paolo Veneziano ai fratelli Salimbeni. La riapertura, prevista entro il 2027, offrir\u00e0 un nuovo percorso di rinascita attraverso l\u2019arte.\t\t\t\t<\/div>\n\t\t\t\t<div class=\"elementor-element elementor-element-a208f92 elementor-widget elementor-widget-button\" data-id=\"a208f92\" data-element_type=\"widget\" data-e-type=\"widget\" data-widget_type=\"button.default\">\n\t\t\t\t\t\t\t\t\t\t<a class=\"elementor-button elementor-button-link elementor-size-sm\" href=\"https:\/\/www.altavalledelpotenza.it\/en\/luoghi\/pinacoteca-civica-p-tacchi-venturi\/\">\n\t\t\t\t\t\t<span class=\"elementor-button-content-wrapper\">\n\t\t\t\t\t\t\t\t\t<span class=\"elementor-button-text\">GUARDA IL MUSEO<\/span>\n\t\t\t\t\t<\/span>\n\t\t\t\t\t<\/a>\n\t\t\t\t\t\t\t\t<\/div>\n\t\t\t\t<\/div>\n\t\t\t\t\t<\/div>\n\t\t\t\t<\/div>\n\t\t\t\t<\/div>\n\t\t\t\t<\/div>\n\t\t<\/div>\n\t\t\t\t\t<div class=\"swiper-pagination\"><\/div>\n\t\t\t\t\t\t<\/div>\n\t\t\t\t<\/div>\n\t\t\t\t<\/div>\n\t\t<div data-particle_enable=\"false\" data-particle-mobile-disabled=\"false\" class=\"elementor-element elementor-element-586197b e-flex e-con-boxed e-con e-parent\" data-id=\"586197b\" data-element_type=\"container\" data-e-type=\"container\">\n\t\t\t\t\t<div class=\"e-con-inner\">\n\t\t\t\t<div class=\"elementor-element elementor-element-2689d57 elementor-widget elementor-widget-heading\" data-id=\"2689d57\" data-element_type=\"widget\" data-e-type=\"widget\" data-widget_type=\"heading.default\">\n\t\t\t\t\t<h2 class=\"elementor-heading-title elementor-size-default\">The Municipalities in the Network<\/h2>\t\t\t\t<\/div>\n\t\t\t\t\t<\/div>\n\t\t\t\t<\/div>\n\t\t<div data-particle_enable=\"false\" data-particle-mobile-disabled=\"false\" class=\"elementor-element elementor-element-0805a71 e-flex e-con-boxed e-con e-parent\" data-id=\"0805a71\" data-element_type=\"container\" data-e-type=\"container\">\n\t\t\t\t\t<div class=\"e-con-inner\">\n\t\t<div data-particle_enable=\"false\" data-particle-mobile-disabled=\"false\" class=\"elementor-element elementor-element-803dfc0 e-con-full e-flex e-con e-child\" data-id=\"803dfc0\" data-element_type=\"container\" data-e-type=\"container\">\n\t\t\t\t<div class=\"elementor-element elementor-element-bd2a6f2 elementor-widget elementor-widget-image\" data-id=\"bd2a6f2\" data-element_type=\"widget\" data-e-type=\"widget\" data-widget_type=\"image.default\">\n\t\t\t\t\t\t\t\t\t\t\t\t\t\t\t\t<a href=\"https:\/\/www.altavalledelpotenza.it\/comuni\/san-severino-marche\/\">\n\t\t\t\t\t\t\t<img fetchpriority=\"high\" decoding=\"async\" width=\"800\" height=\"600\" src=\"https:\/\/www.altavalledelpotenza.it\/wp-content\/uploads\/2025\/10\/DJI_20251003085548_0159_D-1024x768.jpg\" class=\"attachment-large size-large wp-image-1277\" alt=\"\" srcset=\"https:\/\/www.altavalledelpotenza.it\/wp-content\/uploads\/2025\/10\/DJI_20251003085548_0159_D-1024x768.jpg 1024w, https:\/\/www.altavalledelpotenza.it\/wp-content\/uploads\/2025\/10\/DJI_20251003085548_0159_D-300x225.jpg 300w, https:\/\/www.altavalledelpotenza.it\/wp-content\/uploads\/2025\/10\/DJI_20251003085548_0159_D-768x576.jpg 768w, https:\/\/www.altavalledelpotenza.it\/wp-content\/uploads\/2025\/10\/DJI_20251003085548_0159_D-1536x1152.jpg 1536w, https:\/\/www.altavalledelpotenza.it\/wp-content\/uploads\/2025\/10\/DJI_20251003085548_0159_D-2048x1536.jpg 2048w\" sizes=\"(max-width: 800px) 100vw, 800px\" \/>\t\t\t\t\t\t\t\t<\/a>\n\t\t\t\t\t\t\t\t\t\t\t\t\t\t\t<\/div>\n\t\t\t\t<div class=\"elementor-element elementor-element-7c970ff elementor-widget elementor-widget-heading\" data-id=\"7c970ff\" data-element_type=\"widget\" data-e-type=\"widget\" data-widget_type=\"heading.default\">\n\t\t\t\t\t<h5 class=\"elementor-heading-title elementor-size-default\"><a href=\"https:\/\/www.altavalledelpotenza.it\/comuni\/san-severino-marche\/\">Comune di <br \/>San Severino Marche<\/a><\/h5>\t\t\t\t<\/div>\n\t\t\t\t<\/div>\n\t\t<div data-particle_enable=\"false\" data-particle-mobile-disabled=\"false\" class=\"elementor-element elementor-element-48b0c36 e-con-full e-flex e-con e-child\" data-id=\"48b0c36\" data-element_type=\"container\" data-e-type=\"container\">\n\t\t\t\t<div class=\"elementor-element elementor-element-40c5c90 elementor-widget elementor-widget-image\" data-id=\"40c5c90\" data-element_type=\"widget\" data-e-type=\"widget\" data-widget_type=\"image.default\">\n\t\t\t\t\t\t\t\t\t\t\t\t\t\t\t\t<a href=\"https:\/\/www.altavalledelpotenza.it\/comuni\/castelraimondo\/\">\n\t\t\t\t\t\t\t<img decoding=\"async\" width=\"800\" height=\"600\" src=\"https:\/\/www.altavalledelpotenza.it\/wp-content\/uploads\/2025\/10\/DJI_20251003143859_0207_D-1024x768.jpg\" class=\"attachment-large size-large wp-image-1278\" alt=\"\" srcset=\"https:\/\/www.altavalledelpotenza.it\/wp-content\/uploads\/2025\/10\/DJI_20251003143859_0207_D-1024x768.jpg 1024w, https:\/\/www.altavalledelpotenza.it\/wp-content\/uploads\/2025\/10\/DJI_20251003143859_0207_D-300x225.jpg 300w, https:\/\/www.altavalledelpotenza.it\/wp-content\/uploads\/2025\/10\/DJI_20251003143859_0207_D-768x576.jpg 768w, https:\/\/www.altavalledelpotenza.it\/wp-content\/uploads\/2025\/10\/DJI_20251003143859_0207_D-1536x1152.jpg 1536w, https:\/\/www.altavalledelpotenza.it\/wp-content\/uploads\/2025\/10\/DJI_20251003143859_0207_D-2048x1536.jpg 2048w\" sizes=\"(max-width: 800px) 100vw, 800px\" \/>\t\t\t\t\t\t\t\t<\/a>\n\t\t\t\t\t\t\t\t\t\t\t\t\t\t\t<\/div>\n\t\t\t\t<div class=\"elementor-element elementor-element-2c54e3b elementor-widget elementor-widget-heading\" data-id=\"2c54e3b\" data-element_type=\"widget\" data-e-type=\"widget\" data-widget_type=\"heading.default\">\n\t\t\t\t\t<h5 class=\"elementor-heading-title elementor-size-default\"><a href=\"https:\/\/www.altavalledelpotenza.it\/comuni\/castelraimondo\/\">Comune di <br \/>Castelraimondo<\/a><\/h5>\t\t\t\t<\/div>\n\t\t\t\t<\/div>\n\t\t<div data-particle_enable=\"false\" data-particle-mobile-disabled=\"false\" class=\"elementor-element elementor-element-9996cde e-con-full e-flex e-con e-child\" data-id=\"9996cde\" data-element_type=\"container\" data-e-type=\"container\">\n\t\t\t\t<div class=\"elementor-element elementor-element-214b4b2 elementor-widget elementor-widget-image\" data-id=\"214b4b2\" data-element_type=\"widget\" data-e-type=\"widget\" data-widget_type=\"image.default\">\n\t\t\t\t\t\t\t\t\t\t\t\t\t\t\t\t<a href=\"https:\/\/www.altavalledelpotenza.it\/comuni\/pioraco\/\">\n\t\t\t\t\t\t\t<img decoding=\"async\" width=\"800\" height=\"600\" src=\"https:\/\/www.altavalledelpotenza.it\/wp-content\/uploads\/2025\/10\/DJI_20251003134858_0189_D-1024x768.jpg\" class=\"attachment-large size-large wp-image-1279\" alt=\"\" srcset=\"https:\/\/www.altavalledelpotenza.it\/wp-content\/uploads\/2025\/10\/DJI_20251003134858_0189_D-1024x768.jpg 1024w, https:\/\/www.altavalledelpotenza.it\/wp-content\/uploads\/2025\/10\/DJI_20251003134858_0189_D-300x225.jpg 300w, https:\/\/www.altavalledelpotenza.it\/wp-content\/uploads\/2025\/10\/DJI_20251003134858_0189_D-768x576.jpg 768w, https:\/\/www.altavalledelpotenza.it\/wp-content\/uploads\/2025\/10\/DJI_20251003134858_0189_D-1536x1152.jpg 1536w, https:\/\/www.altavalledelpotenza.it\/wp-content\/uploads\/2025\/10\/DJI_20251003134858_0189_D-2048x1536.jpg 2048w\" sizes=\"(max-width: 800px) 100vw, 800px\" \/>\t\t\t\t\t\t\t\t<\/a>\n\t\t\t\t\t\t\t\t\t\t\t\t\t\t\t<\/div>\n\t\t\t\t<div class=\"elementor-element elementor-element-c9fe965 elementor-widget elementor-widget-heading\" data-id=\"c9fe965\" data-element_type=\"widget\" data-e-type=\"widget\" data-widget_type=\"heading.default\">\n\t\t\t\t\t<h5 class=\"elementor-heading-title elementor-size-default\"><a href=\"https:\/\/www.altavalledelpotenza.it\/comuni\/pioraco\/\">Comune di <br \/>Pioraco<\/a><\/h5>\t\t\t\t<\/div>\n\t\t\t\t<\/div>\n\t\t<div data-particle_enable=\"false\" data-particle-mobile-disabled=\"false\" class=\"elementor-element elementor-element-247bd22 e-con-full e-flex e-con e-child\" data-id=\"247bd22\" data-element_type=\"container\" data-e-type=\"container\">\n\t\t\t\t<div class=\"elementor-element elementor-element-e609493 elementor-widget elementor-widget-image\" data-id=\"e609493\" data-element_type=\"widget\" data-e-type=\"widget\" data-widget_type=\"image.default\">\n\t\t\t\t\t\t\t\t\t\t\t\t\t\t\t\t<a href=\"https:\/\/www.altavalledelpotenza.it\/comuni\/sefro\/\">\n\t\t\t\t\t\t\t<img loading=\"lazy\" decoding=\"async\" width=\"800\" height=\"600\" src=\"https:\/\/www.altavalledelpotenza.it\/wp-content\/uploads\/2025\/10\/DJI_20251003124850_0184_D-1024x768.jpg\" class=\"attachment-large size-large wp-image-1280\" alt=\"\" srcset=\"https:\/\/www.altavalledelpotenza.it\/wp-content\/uploads\/2025\/10\/DJI_20251003124850_0184_D-1024x768.jpg 1024w, https:\/\/www.altavalledelpotenza.it\/wp-content\/uploads\/2025\/10\/DJI_20251003124850_0184_D-300x225.jpg 300w, https:\/\/www.altavalledelpotenza.it\/wp-content\/uploads\/2025\/10\/DJI_20251003124850_0184_D-768x576.jpg 768w, https:\/\/www.altavalledelpotenza.it\/wp-content\/uploads\/2025\/10\/DJI_20251003124850_0184_D-1536x1152.jpg 1536w, https:\/\/www.altavalledelpotenza.it\/wp-content\/uploads\/2025\/10\/DJI_20251003124850_0184_D-2048x1536.jpg 2048w\" sizes=\"(max-width: 800px) 100vw, 800px\" \/>\t\t\t\t\t\t\t\t<\/a>\n\t\t\t\t\t\t\t\t\t\t\t\t\t\t\t<\/div>\n\t\t\t\t<div class=\"elementor-element elementor-element-b41b26a elementor-widget elementor-widget-heading\" data-id=\"b41b26a\" data-element_type=\"widget\" data-e-type=\"widget\" data-widget_type=\"heading.default\">\n\t\t\t\t\t<h5 class=\"elementor-heading-title elementor-size-default\"><a href=\"https:\/\/www.altavalledelpotenza.it\/comuni\/sefro\/\">Comune di <br \/>Sefro<\/a><\/h5>\t\t\t\t<\/div>\n\t\t\t\t<\/div>\n\t\t\t\t\t<\/div>\n\t\t\t\t<\/div>\n\t\t<div data-particle_enable=\"false\" data-particle-mobile-disabled=\"false\" class=\"elementor-element elementor-element-a817fdd e-flex e-con-boxed e-con e-parent\" data-id=\"a817fdd\" data-element_type=\"container\" data-e-type=\"container\" data-settings=\"{&quot;background_background&quot;:&quot;classic&quot;}\">\n\t\t\t\t\t<div class=\"e-con-inner\">\n\t\t\t\t<div class=\"elementor-element elementor-element-51f94a9 elementor-widget elementor-widget-heading\" data-id=\"51f94a9\" data-element_type=\"widget\" data-e-type=\"widget\" data-widget_type=\"heading.default\">\n\t\t\t\t\t<h2 class=\"elementor-heading-title elementor-size-default\">Latest News and Events<\/h2>\t\t\t\t<\/div>\n\t\t\t\t<div class=\"elementor-element elementor-element-177693e elementor-widget elementor-widget-spacer\" data-id=\"177693e\" data-element_type=\"widget\" data-e-type=\"widget\" data-widget_type=\"spacer.default\">\n\t\t\t\t\t\t\t<div class=\"elementor-spacer\">\n\t\t\t<div class=\"elementor-spacer-inner\"><\/div>\n\t\t<\/div>\n\t\t\t\t\t\t<\/div>\n\t\t\t\t<div class=\"elementor-element elementor-element-d4be237 elementor-align-center elementor-widget elementor-widget-button\" data-id=\"d4be237\" data-element_type=\"widget\" data-e-type=\"widget\" data-widget_type=\"button.default\">\n\t\t\t\t\t\t\t\t\t\t<a class=\"elementor-button elementor-button-link elementor-size-sm\" href=\"https:\/\/www.altavalledelpotenza.it\/en\/news-and-events\/\">\n\t\t\t\t\t\t<span class=\"elementor-button-content-wrapper\">\n\t\t\t\t\t\t\t\t\t<span class=\"elementor-button-text\">ALL THE NEWS<\/span>\n\t\t\t\t\t<\/span>\n\t\t\t\t\t<\/a>\n\t\t\t\t\t\t\t\t<\/div>\n\t\t\t\t\t<\/div>\n\t\t\t\t<\/div>\n\t\t\t\t<\/div>\n\t\t","protected":false},"excerpt":{"rendered":"<p>Alta Valle del Potenza Museum Network Discover a valley where culture brings the villages together, nature tells the story, and museums become places of gathering and wonder. The Alta Valle del Potenza Museum Network invites you to embark on a journey of beauty, memory, and participation. Cultural Sites The Municipalities in the Network Comune di [&hellip;]<\/p>\n","protected":false},"author":1,"featured_media":0,"parent":0,"menu_order":0,"comment_status":"closed","ping_status":"closed","template":"","meta":{"footnotes":""},"class_list":["post-1281","page","type-page","status-publish","hentry"],"_links":{"self":[{"href":"https:\/\/www.altavalledelpotenza.it\/en\/wp-json\/wp\/v2\/pages\/1281","targetHints":{"allow":["GET"]}}],"collection":[{"href":"https:\/\/www.altavalledelpotenza.it\/en\/wp-json\/wp\/v2\/pages"}],"about":[{"href":"https:\/\/www.altavalledelpotenza.it\/en\/wp-json\/wp\/v2\/types\/page"}],"author":[{"embeddable":true,"href":"https:\/\/www.altavalledelpotenza.it\/en\/wp-json\/wp\/v2\/users\/1"}],"replies":[{"embeddable":true,"href":"https:\/\/www.altavalledelpotenza.it\/en\/wp-json\/wp\/v2\/comments?post=1281"}],"version-history":[{"count":1,"href":"https:\/\/www.altavalledelpotenza.it\/en\/wp-json\/wp\/v2\/pages\/1281\/revisions"}],"predecessor-version":[{"id":1282,"href":"https:\/\/www.altavalledelpotenza.it\/en\/wp-json\/wp\/v2\/pages\/1281\/revisions\/1282"}],"wp:attachment":[{"href":"https:\/\/www.altavalledelpotenza.it\/en\/wp-json\/wp\/v2\/media?parent=1281"}],"curies":[{"name":"wp","href":"https:\/\/api.w.org\/{rel}","templated":true}]}}